{"id":72,"date":"2018-09-27T08:08:07","date_gmt":"2018-09-27T08:08:07","guid":{"rendered":"http:\/\/www.kindergarten-st-margareth.de\/?page_id=72"},"modified":"2023-02-22T09:44:07","modified_gmt":"2023-02-22T09:44:07","slug":"raeumlichkeiten","status":"publish","type":"page","link":"https:\/\/www.kindergarten-st-margareth.de\/?page_id=72","title":{"rendered":"Beschreibung der Einrichtung"},"content":{"rendered":"<p><img decoding=\"async\" loading=\"lazy\" class=\"alignright size-full wp-image-147\" src=\"http:\/\/www.kindergarten-st-margareth.de\/wp-content\/uploads\/2018\/10\/001_Kindergarten-Fotoloung-Martina-Auracher.jpg\" alt=\"\" width=\"660\" height=\"440\" \/>Beschreibung der Einrichtung<\/p>\n<p>Der katholische Kindergarten St. Margareth ist staatlich anerkannt und seit September 2017 unter der Tr\u00e4gerschaft des Katholischen Kitaverbund Schlierach \u2013 Leitzachtal.<br \/>\nUnser Kindergarten liegt im Ortskern Bayrischzell, in landschaftlich sehr sch\u00f6ner Gegend, umgeben von hohen Bergen und viel Natur. Er bietet Platz f\u00fcr 2 Gruppen von maximal 50 Kindern im Alter von 2,5 Jahren bis zum Schuleintritt. Au\u00dferdem haben wir bis zu 12 Hortpl\u00e4tze f\u00fcr die Nachmittagsbetreuung von Schulkinder im Grundschulalter und sind dabei unser Hortangebot weiter auszubauen.<\/p>\n<p>Wir arbeiten in unserem Haus nach einem teiloffenen Prinzip mit der Tendenz zur ganzen \u00d6ffnung.<br \/>\nDas hei\u00dft die Kinder begr\u00fc\u00dfen morgens ihre Erzieherinnen und d\u00fcrfen sich dann in einem der beiden Gruppenr\u00e4ume aufhalten. Alle p\u00e4dagogischen Mitarbeiter kennen alle Kinder. Fallbesprechungen werden im gesamten Team besprochen, so dass p\u00e4dagogische Ma\u00dfnahmen mit allen Mitarbeiterinnen abgesprochen werden. Die Kinder gehen zum Morgenkreis in ihre Stammgruppe und je nach p\u00e4dagogischem Angebot werden sie einer Gruppe von Kindern zugeteilt oder d\u00fcrfen sich das Angebot aussuchen. In der Freispielzeit suchen sich die Kinder ihren Spielbereich selber aus, dabei wird darauf geachtet, dass in jedem Bereich wie Spielburg oder Turnhalle je 5 Kinder aus jeder Gruppe sind. Kinder die in der Freispielzeit in der anderen Gruppe spielen m\u00f6chten, d\u00fcrfen dies nach Absprache mit der jeweiligen Erzieherin tun. In der gezielten Besch\u00e4ftigung am Nachmittag sind die Kinder \u00fcberwiegend in altersspezifischen Gruppen zusammen gefasst. Den Rest des Tages verbringen sie miteinander.<br \/>\nDa sich unser Kindergarten in so landschaftlich sch\u00f6ner Gegend befindet nutzen wir die Natur und unseren Garten f\u00fcr unser p\u00e4dagogisches Konzept. So sind wir mit den Kindern t\u00e4glich mindestens 1-2 Stunden an der frischen Luft. Wir wandern mit den Kindern, beziehen F\u00f6rster und Vogelschutzbund mit in unsere Arbeit ein oder nutzen unseren Ort um ans\u00e4ssige Betriebe zu erkunden, vermitteln den Kindern Liebe zur Natur und zur Heimat, verbunden mit Traditionen und dem kirchlichen Jahreskreis.<\/p>\n","protected":false},"excerpt":{"rendered":"<p>Beschreibung der Einrichtung Der katholische Kindergarten St. Margareth ist staatlich anerkannt und seit September 2017 unter der Tr\u00e4gerschaft des Katholischen Kitaverbund Schlierach \u2013 Leitzachtal. Unser Kindergarten liegt im Ortskern Bayrischzell, in landschaftlich sehr sch\u00f6ner Gegend, umgeben von hohen Bergen und viel Natur. Er bietet Platz f\u00fcr 2 Gruppen von maximal 50 Kindern im Alter von [&hellip;]<\/p>\n","protected":false},"author":1,"featured_media":0,"parent":70,"menu_order":1,"comment_status":"closed","ping_status":"closed","template":"","meta":[],"_links":{"self":[{"href":"https:\/\/www.kindergarten-st-margareth.de\/index.php?rest_route=\/wp\/v2\/pages\/72"}],"collection":[{"href":"https:\/\/www.kindergarten-st-margareth.de\/index.php?rest_route=\/wp\/v2\/pages"}],"about":[{"href":"https:\/\/www.kindergarten-st-margareth.de\/index.php?rest_route=\/wp\/v2\/types\/page"}],"author":[{"embeddable":true,"href":"https:\/\/www.kindergarten-st-margareth.de\/index.php?rest_route=\/wp\/v2\/users\/1"}],"replies":[{"embeddable":true,"href":"https:\/\/www.kindergarten-st-margareth.de\/index.php?rest_route=%2Fwp%2Fv2%2Fcomments&post=72"}],"version-history":[{"count":7,"href":"https:\/\/www.kindergarten-st-margareth.de\/index.php?rest_route=\/wp\/v2\/pages\/72\/revisions"}],"predecessor-version":[{"id":345,"href":"https:\/\/www.kindergarten-st-margareth.de\/index.php?rest_route=\/wp\/v2\/pages\/72\/revisions\/345"}],"up":[{"embeddable":true,"href":"https:\/\/www.kindergarten-st-margareth.de\/index.php?rest_route=\/wp\/v2\/pages\/70"}],"wp:attachment":[{"href":"https:\/\/www.kindergarten-st-margareth.de\/index.php?rest_route=%2Fwp%2Fv2%2Fmedia&parent=72"}],"curies":[{"name":"wp","href":"https:\/\/api.w.org\/{rel}","templated":true}]}}